{"id":1942,"date":"2023-08-07T19:58:32","date_gmt":"2023-08-07T18:58:32","guid":{"rendered":"https:\/\/www.verdeil.ch\/rovereaz\/?page_id=1942"},"modified":"2023-08-07T20:18:51","modified_gmt":"2023-08-07T19:18:51","slug":"nos-sorties-et-activites","status":"publish","type":"page","link":"https:\/\/www.verdeil.ch\/rovereaz\/nos-sorties-et-activites\/","title":{"rendered":"Nos sorties et activit\u00e9s"},"content":{"rendered":"\t\t<div data-elementor-type=\"wp-page\" data-elementor-id=\"1942\" class=\"elementor elementor-1942\">\n\t\t\t\t\t\t<section class=\"elementor-section elementor-top-section elementor-element elementor-element-1ff80ce elementor-section-boxed elementor-section-height-default elementor-section-height-default\" data-id=\"1ff80ce\" data-element_type=\"section\" data-e-type=\"section\">\n\t\t\t\t\t\t<div class=\"elementor-container elementor-column-gap-default\">\n\t\t\t\t\t<div class=\"elementor-column elementor-col-100 elementor-top-column elementor-element elementor-element-c0f0972\" data-id=\"c0f0972\" data-element_type=\"column\" data-e-type=\"column\">\n\t\t\t<div class=\"elementor-widget-wrap elementor-element-populated\">\n\t\t\t\t\t\t<div class=\"elementor-element elementor-element-a193373 elementor-widget elementor-widget-obfx-posts-grid\" data-id=\"a193373\" data-element_type=\"widget\" data-e-type=\"widget\" data-widget_type=\"obfx-posts-grid.default\">\n\t\t\t\t<div class=\"elementor-widget-container\">\n\t\t\t\t\t<div class=\"obfx-grid\"><div class=\"obfx-grid-container obfx-grid-desktop-3\"><div class=\"obfx-grid-wrapper\"><article class=\"obfx-grid-col\"><div class=\"obfx-grid-col-image\" style=\"\"><a href=\"https:\/\/www.verdeil.ch\/rovereaz\/ca-rigole-dans-la-classe-3\/\" title=\"\u00e7a rigole dans la classe 3 !\"><img fetchpriority=\"high\" decoding=\"async\" width=\"303\" height=\"262\" src=\"https:\/\/www.verdeil.ch\/rovereaz\/wp-content\/uploads\/2026\/04\/Capture-decran-2026-04-16-a-09.57.37.png\" class=\"img-responsive wp-post-image\" alt=\"Capture d\u2019\u00e9cran 2026-04-16 \u00e0 09.57.37\" srcset=\"https:\/\/www.verdeil.ch\/rovereaz\/wp-content\/uploads\/2026\/04\/Capture-decran-2026-04-16-a-09.57.37.png 303w, https:\/\/www.verdeil.ch\/rovereaz\/wp-content\/uploads\/2026\/04\/Capture-decran-2026-04-16-a-09.57.37-300x259.png 300w\" sizes=\"(max-width: 303px) 100vw, 303px\" \/><\/a><\/div><div class=\"obfx-grid-col-content\">\t\t\t<h2 class=\"entry-title obfx-grid-title\">\n\t\t\t\t\t\t\t<a href=\"https:\/\/www.verdeil.ch\/rovereaz\/ca-rigole-dans-la-classe-3\/\" title=\"\u00e7a rigole dans la classe 3 !\">\n\t\t\t\t\t\u00e7a rigole dans la classe 3 !\t\t\t\t<\/a>\n\t\t\t\t\t\t\t<\/h2>\n\t\t\t\t\t\t\t<div class=\"entry-meta obfx-grid-meta\">\n\n\t\t\t\t\t\t\t\t\t\t\t\t\t<span class=\"obfx-grid-author\">\n\t\t\t\t\t\t\t\t\t<i class=\"fas fa-user\"><\/i>Clarisse Michod\t\t\t\t\t\t\t\t<\/span>\n\t\t\t\t\t\t\t\t\t\t\t\t\t\t\t\t<span class=\"obfx-grid-date\">\n\t\t\t\t\t\t\t\t\t<i class=\"fas fa-calendar\"><\/i>16 avril 2026\t\t\t\t\t\t\t\t<\/span>\n\t\t\t\t\t\t\t\t\n\t\t\t\t<\/div>\n\t\t\t\t\t\t\t<div class=\"entry-content obfx-grid-content\">\n\t\t\t\tSuper sortie au zoo de Servion pour la classe 3 !\t\t\t<\/div>\n\t\t\t<\/div><\/article><\/div><div class=\"obfx-grid-wrapper\"><article class=\"obfx-grid-col\"><div class=\"obfx-grid-col-image\" style=\"\"><a href=\"https:\/\/www.verdeil.ch\/rovereaz\/poules-et-oeufs-a-la-rove\/\" title=\"Poules et oeufs \u00e0 la Rov\u00e9\"><img decoding=\"async\" width=\"1536\" height=\"2040\" src=\"https:\/\/www.verdeil.ch\/rovereaz\/wp-content\/uploads\/2026\/04\/IMG-20260322-WA0005.jpg\" class=\"img-responsive wp-post-image\" alt=\"IMG-20260322-WA0005\" srcset=\"https:\/\/www.verdeil.ch\/rovereaz\/wp-content\/uploads\/2026\/04\/IMG-20260322-WA0005.jpg 1536w, https:\/\/www.verdeil.ch\/rovereaz\/wp-content\/uploads\/2026\/04\/IMG-20260322-WA0005-226x300.jpg 226w, https:\/\/www.verdeil.ch\/rovereaz\/wp-content\/uploads\/2026\/04\/IMG-20260322-WA0005-771x1024.jpg 771w, https:\/\/www.verdeil.ch\/rovereaz\/wp-content\/uploads\/2026\/04\/IMG-20260322-WA0005-768x1020.jpg 768w, https:\/\/www.verdeil.ch\/rovereaz\/wp-content\/uploads\/2026\/04\/IMG-20260322-WA0005-1157x1536.jpg 1157w\" sizes=\"(max-width: 1536px) 100vw, 1536px\" \/><\/a><\/div><div class=\"obfx-grid-col-content\">\t\t\t<h2 class=\"entry-title obfx-grid-title\">\n\t\t\t\t\t\t\t<a href=\"https:\/\/www.verdeil.ch\/rovereaz\/poules-et-oeufs-a-la-rove\/\" title=\"Poules et oeufs \u00e0 la Rov\u00e9\">\n\t\t\t\t\tPoules et oeufs \u00e0 la Rov\u00e9\t\t\t\t<\/a>\n\t\t\t\t\t\t\t<\/h2>\n\t\t\t\t\t\t\t<div class=\"entry-meta obfx-grid-meta\">\n\n\t\t\t\t\t\t\t\t\t\t\t\t\t<span class=\"obfx-grid-author\">\n\t\t\t\t\t\t\t\t\t<i class=\"fas fa-user\"><\/i>Clarisse Michod\t\t\t\t\t\t\t\t<\/span>\n\t\t\t\t\t\t\t\t\t\t\t\t\t\t\t\t<span class=\"obfx-grid-date\">\n\t\t\t\t\t\t\t\t\t<i class=\"fas fa-calendar\"><\/i>16 avril 2026\t\t\t\t\t\t\t\t<\/span>\n\t\t\t\t\t\t\t\t\n\t\t\t\t<\/div>\n\t\t\t\t\t\t\t<div class=\"entry-content obfx-grid-content\">\n\t\t\t\tBricolages de P\u00e2ques \u00e0 Rov\u00e9r\u00e9az dans les classes 45 &amp; 6.\u00a0\t\t\t<\/div>\n\t\t\t<\/div><\/article><\/div><div class=\"obfx-grid-wrapper\"><article class=\"obfx-grid-col\"><div class=\"obfx-grid-col-image\" style=\"\"><a href=\"https:\/\/www.verdeil.ch\/rovereaz\/soldats-de-terre-de-lempereur-qin\/\" title=\"Soldats de terre de l&#8217;empereur Qin\"><img decoding=\"async\" width=\"488\" height=\"485\" src=\"https:\/\/www.verdeil.ch\/rovereaz\/wp-content\/uploads\/2026\/02\/Capture-decran-2026-02-15-a-06.33.33.jpeg\" class=\"img-responsive wp-post-image\" alt=\"Screenshot\" srcset=\"https:\/\/www.verdeil.ch\/rovereaz\/wp-content\/uploads\/2026\/02\/Capture-decran-2026-02-15-a-06.33.33.jpeg 488w, https:\/\/www.verdeil.ch\/rovereaz\/wp-content\/uploads\/2026\/02\/Capture-decran-2026-02-15-a-06.33.33-300x298.jpeg 300w, https:\/\/www.verdeil.ch\/rovereaz\/wp-content\/uploads\/2026\/02\/Capture-decran-2026-02-15-a-06.33.33-150x150.jpeg 150w\" sizes=\"(max-width: 488px) 100vw, 488px\" \/><\/a><\/div><div class=\"obfx-grid-col-content\">\t\t\t<h2 class=\"entry-title obfx-grid-title\">\n\t\t\t\t\t\t\t<a href=\"https:\/\/www.verdeil.ch\/rovereaz\/soldats-de-terre-de-lempereur-qin\/\" title=\"Soldats de terre de l&#8217;empereur Qin\">\n\t\t\t\t\tSoldats de terre de l&#8217;empereur Qin\t\t\t\t<\/a>\n\t\t\t\t\t\t\t<\/h2>\n\t\t\t\t\t\t\t<div class=\"entry-meta obfx-grid-meta\">\n\n\t\t\t\t\t\t\t\t\t\t\t\t\t<span class=\"obfx-grid-author\">\n\t\t\t\t\t\t\t\t\t<i class=\"fas fa-user\"><\/i>Clarisse Michod\t\t\t\t\t\t\t\t<\/span>\n\t\t\t\t\t\t\t\t\t\t\t\t\t\t\t\t<span class=\"obfx-grid-date\">\n\t\t\t\t\t\t\t\t\t<i class=\"fas fa-calendar\"><\/i>15 f\u00e9vrier 2026\t\t\t\t\t\t\t\t<\/span>\n\t\t\t\t\t\t\t\t\n\t\t\t\t<\/div>\n\t\t\t\t\t\t\t<div class=\"entry-content obfx-grid-content\">\n\t\t\t\tLa classe 6 reproduit (tente de reproduire) l&rsquo;arm\u00e9e de terre cuite de l&#8217;empereur Qin\t\t\t<\/div>\n\t\t\t<\/div><\/article><\/div><div class=\"obfx-grid-wrapper\"><article class=\"obfx-grid-col\"><div class=\"obfx-grid-col-image\" style=\"\"><a href=\"https:\/\/www.verdeil.ch\/rovereaz\/dans-les-nuages\/\" title=\"Dans les nuages &#8230;\"><img loading=\"lazy\" decoding=\"async\" width=\"835\" height=\"584\" src=\"https:\/\/www.verdeil.ch\/rovereaz\/wp-content\/uploads\/2026\/02\/IMG-20260212-WA0070-1.jpg\" class=\"img-responsive wp-post-image\" alt=\"IMG-20260212-WA0070\" srcset=\"https:\/\/www.verdeil.ch\/rovereaz\/wp-content\/uploads\/2026\/02\/IMG-20260212-WA0070-1.jpg 835w, https:\/\/www.verdeil.ch\/rovereaz\/wp-content\/uploads\/2026\/02\/IMG-20260212-WA0070-1-300x210.jpg 300w, https:\/\/www.verdeil.ch\/rovereaz\/wp-content\/uploads\/2026\/02\/IMG-20260212-WA0070-1-768x537.jpg 768w\" sizes=\"(max-width: 835px) 100vw, 835px\" \/><\/a><\/div><div class=\"obfx-grid-col-content\">\t\t\t<h2 class=\"entry-title obfx-grid-title\">\n\t\t\t\t\t\t\t<a href=\"https:\/\/www.verdeil.ch\/rovereaz\/dans-les-nuages\/\" title=\"Dans les nuages &#8230;\">\n\t\t\t\t\tDans les nuages &#8230;\t\t\t\t<\/a>\n\t\t\t\t\t\t\t<\/h2>\n\t\t\t\t\t\t\t<div class=\"entry-meta obfx-grid-meta\">\n\n\t\t\t\t\t\t\t\t\t\t\t\t\t<span class=\"obfx-grid-author\">\n\t\t\t\t\t\t\t\t\t<i class=\"fas fa-user\"><\/i>Clarisse Michod\t\t\t\t\t\t\t\t<\/span>\n\t\t\t\t\t\t\t\t\t\t\t\t\t\t\t\t<span class=\"obfx-grid-date\">\n\t\t\t\t\t\t\t\t\t<i class=\"fas fa-calendar\"><\/i>15 f\u00e9vrier 2026\t\t\t\t\t\t\t\t<\/span>\n\t\t\t\t\t\t\t\t\n\t\t\t\t<\/div>\n\t\t\t\t\t\t\t<div class=\"entry-content obfx-grid-content\">\n\t\t\t\tDe toute les mati\u00e8res, c&rsquo;est la ouate qu&rsquo;iels pr\u00e9f\u00e8rent &#8230; La classe 6 s&rsquo;amuse\t\t\t<\/div>\n\t\t\t<\/div><\/article><\/div><div class=\"obfx-grid-wrapper\"><article class=\"obfx-grid-col\"><div class=\"obfx-grid-col-image\" style=\"\"><a href=\"https:\/\/www.verdeil.ch\/rovereaz\/le-jeudi-travaux-manuels-en-classe-6\/\" title=\"Le jeudi, travaux manuels en classe 6\"><img loading=\"lazy\" decoding=\"async\" width=\"957\" height=\"1264\" src=\"https:\/\/www.verdeil.ch\/rovereaz\/wp-content\/uploads\/2026\/02\/IMG-20260212-WA0023.jpg\" class=\"img-responsive wp-post-image\" alt=\"IMG-20260212-WA0023\" srcset=\"https:\/\/www.verdeil.ch\/rovereaz\/wp-content\/uploads\/2026\/02\/IMG-20260212-WA0023.jpg 957w, https:\/\/www.verdeil.ch\/rovereaz\/wp-content\/uploads\/2026\/02\/IMG-20260212-WA0023-227x300.jpg 227w, https:\/\/www.verdeil.ch\/rovereaz\/wp-content\/uploads\/2026\/02\/IMG-20260212-WA0023-775x1024.jpg 775w, https:\/\/www.verdeil.ch\/rovereaz\/wp-content\/uploads\/2026\/02\/IMG-20260212-WA0023-768x1014.jpg 768w\" sizes=\"(max-width: 957px) 100vw, 957px\" \/><\/a><\/div><div class=\"obfx-grid-col-content\">\t\t\t<h2 class=\"entry-title obfx-grid-title\">\n\t\t\t\t\t\t\t<a href=\"https:\/\/www.verdeil.ch\/rovereaz\/le-jeudi-travaux-manuels-en-classe-6\/\" title=\"Le jeudi, travaux manuels en classe 6\">\n\t\t\t\t\tLe jeudi, travaux manuels en classe 6\t\t\t\t<\/a>\n\t\t\t\t\t\t\t<\/h2>\n\t\t\t\t\t\t\t<div class=\"entry-meta obfx-grid-meta\">\n\n\t\t\t\t\t\t\t\t\t\t\t\t\t<span class=\"obfx-grid-author\">\n\t\t\t\t\t\t\t\t\t<i class=\"fas fa-user\"><\/i>Clarisse Michod\t\t\t\t\t\t\t\t<\/span>\n\t\t\t\t\t\t\t\t\t\t\t\t\t\t\t\t<span class=\"obfx-grid-date\">\n\t\t\t\t\t\t\t\t\t<i class=\"fas fa-calendar\"><\/i>14 f\u00e9vrier 2026\t\t\t\t\t\t\t\t<\/span>\n\t\t\t\t\t\t\t\t\n\t\t\t\t<\/div>\n\t\t\t\t\t\t\t<div class=\"entry-content obfx-grid-content\">\n\t\t\t\tLe jeudi, on coud, on coupe, on scie, on cr\u00e9e, on sue, on rigole !!! Le jeudi, c&rsquo;est travaux manuels dans la classe 6 !\t\t\t<\/div>\n\t\t\t<\/div><\/article><\/div><div class=\"obfx-grid-wrapper\"><article class=\"obfx-grid-col\"><div class=\"obfx-grid-col-image\" style=\"\"><a href=\"https:\/\/www.verdeil.ch\/rovereaz\/sur-le-lac\/\" title=\"Sur le lac\"><img loading=\"lazy\" decoding=\"async\" width=\"1600\" height=\"1200\" src=\"https:\/\/www.verdeil.ch\/rovereaz\/wp-content\/uploads\/2025\/10\/IMG-20251009-WA0038.jpeg\" class=\"img-responsive wp-post-image\" alt=\"IMG-20251009-WA0038\" srcset=\"https:\/\/www.verdeil.ch\/rovereaz\/wp-content\/uploads\/2025\/10\/IMG-20251009-WA0038.jpeg 1600w, https:\/\/www.verdeil.ch\/rovereaz\/wp-content\/uploads\/2025\/10\/IMG-20251009-WA0038-300x225.jpeg 300w, https:\/\/www.verdeil.ch\/rovereaz\/wp-content\/uploads\/2025\/10\/IMG-20251009-WA0038-1024x768.jpeg 1024w, https:\/\/www.verdeil.ch\/rovereaz\/wp-content\/uploads\/2025\/10\/IMG-20251009-WA0038-768x576.jpeg 768w, https:\/\/www.verdeil.ch\/rovereaz\/wp-content\/uploads\/2025\/10\/IMG-20251009-WA0038-1536x1152.jpeg 1536w\" sizes=\"(max-width: 1600px) 100vw, 1600px\" \/><\/a><\/div><div class=\"obfx-grid-col-content\">\t\t\t<h2 class=\"entry-title obfx-grid-title\">\n\t\t\t\t\t\t\t<a href=\"https:\/\/www.verdeil.ch\/rovereaz\/sur-le-lac\/\" title=\"Sur le lac\">\n\t\t\t\t\tSur le lac\t\t\t\t<\/a>\n\t\t\t\t\t\t\t<\/h2>\n\t\t\t\t\t\t\t<div class=\"entry-meta obfx-grid-meta\">\n\n\t\t\t\t\t\t\t\t\t\t\t\t\t<span class=\"obfx-grid-author\">\n\t\t\t\t\t\t\t\t\t<i class=\"fas fa-user\"><\/i>Clarisse Michod\t\t\t\t\t\t\t\t<\/span>\n\t\t\t\t\t\t\t\t\t\t\t\t\t\t\t\t<span class=\"obfx-grid-date\">\n\t\t\t\t\t\t\t\t\t<i class=\"fas fa-calendar\"><\/i>23 octobre 2025\t\t\t\t\t\t\t\t<\/span>\n\t\t\t\t\t\t\t\t\n\t\t\t\t<\/div>\n\t\t\t\t\t\t\t<div class=\"entry-content obfx-grid-content\">\n\t\t\t\tSortie en voilier avec la classe 45.\t\t\t<\/div>\n\t\t\t<\/div><\/article><\/div>\t\t\t\t<div class=\"obfx-grid-pagination\">\n\t\t\t\t\t\t\t\t\t\t<nav class=\"pagination\">\n\t\t\t\t\t\t<span aria-current=\"page\" class=\"page-numbers current\">1<\/span>\n<a class=\"page-numbers\" href=\"https:\/\/www.verdeil.ch\/rovereaz\/wp-json\/wp\/v2\/pages\/1942\/page\/2\/\">2<\/a>\n<a class=\"page-numbers\" href=\"https:\/\/www.verdeil.ch\/rovereaz\/wp-json\/wp\/v2\/pages\/1942\/page\/3\/\">3<\/a>\n<a class=\"page-numbers\" href=\"https:\/\/www.verdeil.ch\/rovereaz\/wp-json\/wp\/v2\/pages\/1942\/page\/4\/\">4<\/a>\n<a class=\"page-numbers\" href=\"https:\/\/www.verdeil.ch\/rovereaz\/wp-json\/wp\/v2\/pages\/1942\/page\/5\/\">5<\/a>\n<a class=\"next page-numbers\" href=\"https:\/\/www.verdeil.ch\/rovereaz\/wp-json\/wp\/v2\/pages\/1942\/page\/2\/\">Next<\/a>\t\t\t\t\t<\/nav>\n\t\t\t\t<\/div>\n\t\t\t\t<\/div><!-- .obfx-grid-container --><\/div><!-- .obfx-grid -->\t\t\t\t<\/div>\n\t\t\t\t<\/div>\n\t\t\t\t\t<\/div>\n\t\t<\/div>\n\t\t\t\t\t<\/div>\n\t\t<\/section>\n\t\t\t\t<\/div>\n\t\t","protected":false},"excerpt":{"rendered":"","protected":false},"author":11,"featured_media":0,"parent":0,"menu_order":0,"comment_status":"closed","ping_status":"closed","template":"","meta":{"footnotes":""},"class_list":["post-1942","page","type-page","status-publish","hentry"],"_links":{"self":[{"href":"https:\/\/www.verdeil.ch\/rovereaz\/wp-json\/wp\/v2\/pages\/1942","targetHints":{"allow":["GET"]}}],"collection":[{"href":"https:\/\/www.verdeil.ch\/rovereaz\/wp-json\/wp\/v2\/pages"}],"about":[{"href":"https:\/\/www.verdeil.ch\/rovereaz\/wp-json\/wp\/v2\/types\/page"}],"author":[{"embeddable":true,"href":"https:\/\/www.verdeil.ch\/rovereaz\/wp-json\/wp\/v2\/users\/11"}],"replies":[{"embeddable":true,"href":"https:\/\/www.verdeil.ch\/rovereaz\/wp-json\/wp\/v2\/comments?post=1942"}],"version-history":[{"count":4,"href":"https:\/\/www.verdeil.ch\/rovereaz\/wp-json\/wp\/v2\/pages\/1942\/revisions"}],"predecessor-version":[{"id":1947,"href":"https:\/\/www.verdeil.ch\/rovereaz\/wp-json\/wp\/v2\/pages\/1942\/revisions\/1947"}],"wp:attachment":[{"href":"https:\/\/www.verdeil.ch\/rovereaz\/wp-json\/wp\/v2\/media?parent=1942"}],"curies":[{"name":"wp","href":"https:\/\/api.w.org\/{rel}","templated":true}]}}