{"id":1571,"date":"2022-08-06T13:38:08","date_gmt":"2022-08-06T12:38:08","guid":{"rendered":"https:\/\/www.verdeil.ch\/rovereaz\/?page_id=1571"},"modified":"2023-08-07T20:19:10","modified_gmt":"2023-08-07T19:19:10","slug":"blog-lecole-au-quotidien","status":"publish","type":"page","link":"https:\/\/www.verdeil.ch\/rovereaz\/blog-lecole-au-quotidien\/","title":{"rendered":"Travail scolaire"},"content":{"rendered":"\t\t<div data-elementor-type=\"wp-page\" data-elementor-id=\"1571\" class=\"elementor elementor-1571\">\n\t\t\t\t\t\t<section class=\"elementor-section elementor-top-section elementor-element elementor-element-4145c78 elementor-section-boxed elementor-section-height-default elementor-section-height-default\" data-id=\"4145c78\" data-element_type=\"section\" data-e-type=\"section\">\n\t\t\t\t\t\t<div class=\"elementor-container elementor-column-gap-default\">\n\t\t\t\t\t<div class=\"elementor-column elementor-col-100 elementor-top-column elementor-element elementor-element-4fab156\" data-id=\"4fab156\" data-element_type=\"column\" data-e-type=\"column\">\n\t\t\t<div class=\"elementor-widget-wrap elementor-element-populated\">\n\t\t\t\t\t\t<div class=\"elementor-element elementor-element-63a2f6d elementor-widget elementor-widget-obfx-posts-grid\" data-id=\"63a2f6d\" data-element_type=\"widget\" data-e-type=\"widget\" data-widget_type=\"obfx-posts-grid.default\">\n\t\t\t\t<div class=\"elementor-widget-container\">\n\t\t\t\t\t<div class=\"obfx-grid\"><div class=\"obfx-grid-container obfx-grid-desktop-3\"><div class=\"obfx-grid-wrapper\"><article class=\"obfx-grid-col\"><div class=\"obfx-grid-col-image\" style=\"\"><a href=\"https:\/\/www.verdeil.ch\/rovereaz\/experiences-scientifiques-dans-la-classe-6\/\" title=\"Exp\u00e9riences scientifiques dans la classe 6\"><img fetchpriority=\"high\" decoding=\"async\" width=\"1200\" height=\"1600\" src=\"https:\/\/www.verdeil.ch\/rovereaz\/wp-content\/uploads\/2026\/04\/IMG-20260312-WA0023.jpg\" class=\"img-responsive wp-post-image\" alt=\"IMG-20260312-WA0023\" srcset=\"https:\/\/www.verdeil.ch\/rovereaz\/wp-content\/uploads\/2026\/04\/IMG-20260312-WA0023.jpg 1200w, https:\/\/www.verdeil.ch\/rovereaz\/wp-content\/uploads\/2026\/04\/IMG-20260312-WA0023-225x300.jpg 225w, https:\/\/www.verdeil.ch\/rovereaz\/wp-content\/uploads\/2026\/04\/IMG-20260312-WA0023-768x1024.jpg 768w, https:\/\/www.verdeil.ch\/rovereaz\/wp-content\/uploads\/2026\/04\/IMG-20260312-WA0023-1152x1536.jpg 1152w\" sizes=\"(max-width: 1200px) 100vw, 1200px\" \/><\/a><\/div><div class=\"obfx-grid-col-content\">\t\t\t<h2 class=\"entry-title obfx-grid-title\">\n\t\t\t\t\t\t\t<a href=\"https:\/\/www.verdeil.ch\/rovereaz\/experiences-scientifiques-dans-la-classe-6\/\" title=\"Exp\u00e9riences scientifiques dans la classe 6\">\n\t\t\t\t\tExp\u00e9riences scientifiques dans la classe 6\t\t\t\t<\/a>\n\t\t\t\t\t\t\t<\/h2>\n\t\t\t\t\t\t\t<div class=\"entry-meta obfx-grid-meta\">\n\n\t\t\t\t\t\t\t\t\t\t\t\t\t<span class=\"obfx-grid-author\">\n\t\t\t\t\t\t\t\t\t<i class=\"fas fa-user\"><\/i>Clarisse Michod\t\t\t\t\t\t\t\t<\/span>\n\t\t\t\t\t\t\t\t\t\t\t\t\t\t\t\t<span class=\"obfx-grid-date\">\n\t\t\t\t\t\t\t\t\t<i class=\"fas fa-calendar\"><\/i>16 avril 2026\t\t\t\t\t\t\t\t<\/span>\n\t\t\t\t\t\t\t\t\n\t\t\t\t<\/div>\n\t\t\t\t\t\t\t<div class=\"entry-content obfx-grid-content\">\n\t\t\t\tExp\u00e9riences scientifiques dans la classe 6. Chercheurs et chercheuses \u00e0 l&rsquo;oeuvre !\u00a0\t\t\t<\/div>\n\t\t\t<\/div><\/article><\/div><div class=\"obfx-grid-wrapper\"><article class=\"obfx-grid-col\"><div class=\"obfx-grid-col-image\" style=\"\"><a href=\"https:\/\/www.verdeil.ch\/rovereaz\/au-travail\/\" title=\"AU TRAVAIL !\"><img decoding=\"async\" width=\"1536\" height=\"2048\" src=\"https:\/\/www.verdeil.ch\/rovereaz\/wp-content\/uploads\/2026\/02\/IMG-20260210-WA0025.jpg\" class=\"img-responsive wp-post-image\" alt=\"IMG-20260210-WA0025\" srcset=\"https:\/\/www.verdeil.ch\/rovereaz\/wp-content\/uploads\/2026\/02\/IMG-20260210-WA0025.jpg 1536w, https:\/\/www.verdeil.ch\/rovereaz\/wp-content\/uploads\/2026\/02\/IMG-20260210-WA0025-225x300.jpg 225w, https:\/\/www.verdeil.ch\/rovereaz\/wp-content\/uploads\/2026\/02\/IMG-20260210-WA0025-768x1024.jpg 768w, https:\/\/www.verdeil.ch\/rovereaz\/wp-content\/uploads\/2026\/02\/IMG-20260210-WA0025-1152x1536.jpg 1152w\" sizes=\"(max-width: 1536px) 100vw, 1536px\" \/><\/a><\/div><div class=\"obfx-grid-col-content\">\t\t\t<h2 class=\"entry-title obfx-grid-title\">\n\t\t\t\t\t\t\t<a href=\"https:\/\/www.verdeil.ch\/rovereaz\/au-travail\/\" title=\"AU TRAVAIL !\">\n\t\t\t\t\tAU TRAVAIL !\t\t\t\t<\/a>\n\t\t\t\t\t\t\t<\/h2>\n\t\t\t\t\t\t\t<div class=\"entry-meta obfx-grid-meta\">\n\n\t\t\t\t\t\t\t\t\t\t\t\t\t<span class=\"obfx-grid-author\">\n\t\t\t\t\t\t\t\t\t<i class=\"fas fa-user\"><\/i>Clarisse Michod\t\t\t\t\t\t\t\t<\/span>\n\t\t\t\t\t\t\t\t\t\t\t\t\t\t\t\t<span class=\"obfx-grid-date\">\n\t\t\t\t\t\t\t\t\t<i class=\"fas fa-calendar\"><\/i>15 f\u00e9vrier 2026\t\t\t\t\t\t\t\t<\/span>\n\t\t\t\t\t\t\t\t\n\t\t\t\t<\/div>\n\t\t\t\t\t\t\t<div class=\"entry-content obfx-grid-content\">\n\t\t\t\tMaths, lecture, g\u00e9om\u00e9trie&#8230; En individuel, en petits groupes, toute la classe .. \u00e7a bosse dure dans la classe 45 !!\t\t\t<\/div>\n\t\t\t<\/div><\/article><\/div><div class=\"obfx-grid-wrapper\"><article class=\"obfx-grid-col\"><div class=\"obfx-grid-col-image\" style=\"\"><a href=\"https:\/\/www.verdeil.ch\/rovereaz\/geometrie-dans-la-classe-45\/\" title=\"G\u00e9om\u00e9trie dans la classe 45\"><img decoding=\"async\" width=\"1600\" height=\"1200\" src=\"https:\/\/www.verdeil.ch\/rovereaz\/wp-content\/uploads\/2026\/02\/IMG-20251128-WA0012.jpg\" class=\"img-responsive wp-post-image\" alt=\"IMG-20251128-WA0012\" srcset=\"https:\/\/www.verdeil.ch\/rovereaz\/wp-content\/uploads\/2026\/02\/IMG-20251128-WA0012.jpg 1600w, https:\/\/www.verdeil.ch\/rovereaz\/wp-content\/uploads\/2026\/02\/IMG-20251128-WA0012-300x225.jpg 300w, https:\/\/www.verdeil.ch\/rovereaz\/wp-content\/uploads\/2026\/02\/IMG-20251128-WA0012-1024x768.jpg 1024w, https:\/\/www.verdeil.ch\/rovereaz\/wp-content\/uploads\/2026\/02\/IMG-20251128-WA0012-768x576.jpg 768w, https:\/\/www.verdeil.ch\/rovereaz\/wp-content\/uploads\/2026\/02\/IMG-20251128-WA0012-1536x1152.jpg 1536w\" sizes=\"(max-width: 1600px) 100vw, 1600px\" \/><\/a><\/div><div class=\"obfx-grid-col-content\">\t\t\t<h2 class=\"entry-title obfx-grid-title\">\n\t\t\t\t\t\t\t<a href=\"https:\/\/www.verdeil.ch\/rovereaz\/geometrie-dans-la-classe-45\/\" title=\"G\u00e9om\u00e9trie dans la classe 45\">\n\t\t\t\t\tG\u00e9om\u00e9trie dans la classe 45\t\t\t\t<\/a>\n\t\t\t\t\t\t\t<\/h2>\n\t\t\t\t\t\t\t<div class=\"entry-meta obfx-grid-meta\">\n\n\t\t\t\t\t\t\t\t\t\t\t\t\t<span class=\"obfx-grid-author\">\n\t\t\t\t\t\t\t\t\t<i class=\"fas fa-user\"><\/i>Clarisse Michod\t\t\t\t\t\t\t\t<\/span>\n\t\t\t\t\t\t\t\t\t\t\t\t\t\t\t\t<span class=\"obfx-grid-date\">\n\t\t\t\t\t\t\t\t\t<i class=\"fas fa-calendar\"><\/i>14 f\u00e9vrier 2026\t\t\t\t\t\t\t\t<\/span>\n\t\t\t\t\t\t\t\t\n\t\t\t\t<\/div>\n\t\t\t\t\t\t\t<div class=\"entry-content obfx-grid-content\">\n\t\t\t\tS\u00e9quences de g\u00e9om\u00e9trie avec Th\u00e9r\u00e8se\t\t\t<\/div>\n\t\t\t<\/div><\/article><\/div><div class=\"obfx-grid-wrapper\"><article class=\"obfx-grid-col\"><div class=\"obfx-grid-col-image\" style=\"\"><a href=\"https:\/\/www.verdeil.ch\/rovereaz\/8-semaines-avec-la-classe-45\/\" title=\"8 SEMAINES AVEC LA CLASSE 45\"><img loading=\"lazy\" decoding=\"async\" width=\"2048\" height=\"1536\" src=\"https:\/\/www.verdeil.ch\/rovereaz\/wp-content\/uploads\/2025\/10\/IMG-20250827-WA0010.jpeg\" class=\"img-responsive wp-post-image\" alt=\"IMG-20250827-WA0010\" srcset=\"https:\/\/www.verdeil.ch\/rovereaz\/wp-content\/uploads\/2025\/10\/IMG-20250827-WA0010.jpeg 2048w, https:\/\/www.verdeil.ch\/rovereaz\/wp-content\/uploads\/2025\/10\/IMG-20250827-WA0010-300x225.jpeg 300w, https:\/\/www.verdeil.ch\/rovereaz\/wp-content\/uploads\/2025\/10\/IMG-20250827-WA0010-1024x768.jpeg 1024w, https:\/\/www.verdeil.ch\/rovereaz\/wp-content\/uploads\/2025\/10\/IMG-20250827-WA0010-768x576.jpeg 768w, https:\/\/www.verdeil.ch\/rovereaz\/wp-content\/uploads\/2025\/10\/IMG-20250827-WA0010-1536x1152.jpeg 1536w\" sizes=\"(max-width: 2048px) 100vw, 2048px\" \/><\/a><\/div><div class=\"obfx-grid-col-content\">\t\t\t<h2 class=\"entry-title obfx-grid-title\">\n\t\t\t\t\t\t\t<a href=\"https:\/\/www.verdeil.ch\/rovereaz\/8-semaines-avec-la-classe-45\/\" title=\"8 SEMAINES AVEC LA CLASSE 45\">\n\t\t\t\t\t8 SEMAINES AVEC LA CLASSE 45\t\t\t\t<\/a>\n\t\t\t\t\t\t\t<\/h2>\n\t\t\t\t\t\t\t<div class=\"entry-meta obfx-grid-meta\">\n\n\t\t\t\t\t\t\t\t\t\t\t\t\t<span class=\"obfx-grid-author\">\n\t\t\t\t\t\t\t\t\t<i class=\"fas fa-user\"><\/i>Clarisse Michod\t\t\t\t\t\t\t\t<\/span>\n\t\t\t\t\t\t\t\t\t\t\t\t\t\t\t\t<span class=\"obfx-grid-date\">\n\t\t\t\t\t\t\t\t\t<i class=\"fas fa-calendar\"><\/i>23 octobre 2025\t\t\t\t\t\t\t\t<\/span>\n\t\t\t\t\t\t\t\t\n\t\t\t\t<\/div>\n\t\t\t\t\t\t\t<div class=\"entry-content obfx-grid-content\">\n\t\t\t\tMoments de travail, de jeux, de cuisine, de partage, de repos. Revivez les 8 premi\u00e8res semaines de la classe 45.\u00a0\t\t\t<\/div>\n\t\t\t<\/div><\/article><\/div><div class=\"obfx-grid-wrapper\"><article class=\"obfx-grid-col\"><div class=\"obfx-grid-col-image\" style=\"\"><a href=\"https:\/\/www.verdeil.ch\/rovereaz\/fete-de-fin-dannee-lequipe\/\" title=\"F\u00eate de fin d&rsquo;ann\u00e9e &#8211; L&rsquo;\u00e9quipe !\"><img loading=\"lazy\" decoding=\"async\" width=\"2048\" height=\"1365\" src=\"https:\/\/www.verdeil.ch\/rovereaz\/wp-content\/uploads\/2025\/07\/P1084877-scaled.jpg\" class=\"img-responsive wp-post-image\" alt=\"P1084877\" srcset=\"https:\/\/www.verdeil.ch\/rovereaz\/wp-content\/uploads\/2025\/07\/P1084877-scaled.jpg 2048w, https:\/\/www.verdeil.ch\/rovereaz\/wp-content\/uploads\/2025\/07\/P1084877-300x200.jpg 300w, https:\/\/www.verdeil.ch\/rovereaz\/wp-content\/uploads\/2025\/07\/P1084877-1024x683.jpg 1024w, https:\/\/www.verdeil.ch\/rovereaz\/wp-content\/uploads\/2025\/07\/P1084877-768x512.jpg 768w, https:\/\/www.verdeil.ch\/rovereaz\/wp-content\/uploads\/2025\/07\/P1084877-1536x1024.jpg 1536w, https:\/\/www.verdeil.ch\/rovereaz\/wp-content\/uploads\/2025\/07\/P1084877-360x240.jpg 360w\" sizes=\"(max-width: 2048px) 100vw, 2048px\" \/><\/a><\/div><div class=\"obfx-grid-col-content\">\t\t\t<h2 class=\"entry-title obfx-grid-title\">\n\t\t\t\t\t\t\t<a href=\"https:\/\/www.verdeil.ch\/rovereaz\/fete-de-fin-dannee-lequipe\/\" title=\"F\u00eate de fin d&rsquo;ann\u00e9e &#8211; L&rsquo;\u00e9quipe !\">\n\t\t\t\t\tF\u00eate de fin d&rsquo;ann\u00e9e &#8211; L&rsquo;\u00e9quipe !\t\t\t\t<\/a>\n\t\t\t\t\t\t\t<\/h2>\n\t\t\t\t\t\t\t<div class=\"entry-meta obfx-grid-meta\">\n\n\t\t\t\t\t\t\t\t\t\t\t\t\t<span class=\"obfx-grid-author\">\n\t\t\t\t\t\t\t\t\t<i class=\"fas fa-user\"><\/i>Clarisse Michod\t\t\t\t\t\t\t\t<\/span>\n\t\t\t\t\t\t\t\t\t\t\t\t\t\t\t\t<span class=\"obfx-grid-date\">\n\t\t\t\t\t\t\t\t\t<i class=\"fas fa-calendar\"><\/i>5 juillet 2025\t\t\t\t\t\t\t\t<\/span>\n\t\t\t\t\t\t\t\t\n\t\t\t\t<\/div>\n\t\t\t\t\t\t\t<div class=\"entry-content obfx-grid-content\">\n\t\t\t\tD\u00e9couvrez les magnifiques photographies de notre reporter\/photograhe\/logop\u00e9diste M\u00e9lanie Rochat. Une jolie fa\u00e7on de voir les visages de toute l&rsquo;\u00e9quipe de la Rov\u00e9.\t\t\t<\/div>\n\t\t\t<\/div><\/article><\/div><div class=\"obfx-grid-wrapper\"><article class=\"obfx-grid-col\"><div class=\"obfx-grid-col-image\" style=\"\"><a href=\"https:\/\/www.verdeil.ch\/rovereaz\/la-classe-2-au-travail\/\" title=\"La classe 2 au travail !\"><img loading=\"lazy\" decoding=\"async\" width=\"1024\" height=\"768\" src=\"https:\/\/www.verdeil.ch\/rovereaz\/wp-content\/uploads\/2025\/05\/9D5D775F-35D2-412A-9D1F-5B6AD3F13300_1_105_c-2.jpeg\" class=\"img-responsive wp-post-image\" alt=\"9D5D775F-35D2-412A-9D1F-5B6AD3F13300_1_105_c\" srcset=\"https:\/\/www.verdeil.ch\/rovereaz\/wp-content\/uploads\/2025\/05\/9D5D775F-35D2-412A-9D1F-5B6AD3F13300_1_105_c-2.jpeg 1024w, https:\/\/www.verdeil.ch\/rovereaz\/wp-content\/uploads\/2025\/05\/9D5D775F-35D2-412A-9D1F-5B6AD3F13300_1_105_c-2-300x225.jpeg 300w, https:\/\/www.verdeil.ch\/rovereaz\/wp-content\/uploads\/2025\/05\/9D5D775F-35D2-412A-9D1F-5B6AD3F13300_1_105_c-2-768x576.jpeg 768w\" sizes=\"(max-width: 1024px) 100vw, 1024px\" \/><\/a><\/div><div class=\"obfx-grid-col-content\">\t\t\t<h2 class=\"entry-title obfx-grid-title\">\n\t\t\t\t\t\t\t<a href=\"https:\/\/www.verdeil.ch\/rovereaz\/la-classe-2-au-travail\/\" title=\"La classe 2 au travail !\">\n\t\t\t\t\tLa classe 2 au travail !\t\t\t\t<\/a>\n\t\t\t\t\t\t\t<\/h2>\n\t\t\t\t\t\t\t<div class=\"entry-meta obfx-grid-meta\">\n\n\t\t\t\t\t\t\t\t\t\t\t\t\t<span class=\"obfx-grid-author\">\n\t\t\t\t\t\t\t\t\t<i class=\"fas fa-user\"><\/i>Clarisse Michod\t\t\t\t\t\t\t\t<\/span>\n\t\t\t\t\t\t\t\t\t\t\t\t\t\t\t\t<span class=\"obfx-grid-date\">\n\t\t\t\t\t\t\t\t\t<i class=\"fas fa-calendar\"><\/i>4 mai 2025\t\t\t\t\t\t\t\t<\/span>\n\t\t\t\t\t\t\t\t\n\t\t\t\t<\/div>\n\t\t\t\t\t\t\t<div class=\"entry-content obfx-grid-content\">\n\t\t\t\tD\u00e9couvrez les \u00e9l\u00e8ves de la classe 2 \u00e0 l'atelier cuisine, au graphisme et durant le travail scolaire. L&rsquo;atelier cuisine : on apprend \u00e0 suivre des \u00e9tapes, on entraine la motricit\u00e9\u2026\t\t\t<\/div>\n\t\t\t<\/div><\/article><\/div>\t\t\t\t<div class=\"obfx-grid-pagination\">\n\t\t\t\t\t\t\t\t\t\t<nav class=\"pagination\">\n\t\t\t\t\t\t<span aria-current=\"page\" class=\"page-numbers current\">1<\/span>\n<a class=\"page-numbers\" href=\"https:\/\/www.verdeil.ch\/rovereaz\/wp-json\/wp\/v2\/pages\/1571\/page\/2\/\">2<\/a>\n<a class=\"next page-numbers\" href=\"https:\/\/www.verdeil.ch\/rovereaz\/wp-json\/wp\/v2\/pages\/1571\/page\/2\/\">Next<\/a>\t\t\t\t\t<\/nav>\n\t\t\t\t<\/div>\n\t\t\t\t<\/div><!-- .obfx-grid-container --><\/div><!-- .obfx-grid -->\t\t\t\t<\/div>\n\t\t\t\t<\/div>\n\t\t\t\t\t<\/div>\n\t\t<\/div>\n\t\t\t\t\t<\/div>\n\t\t<\/section>\n\t\t\t\t<\/div>\n\t\t","protected":false},"excerpt":{"rendered":"","protected":false},"author":11,"featured_media":0,"parent":0,"menu_order":20,"comment_status":"closed","ping_status":"closed","template":"","meta":{"footnotes":""},"class_list":["post-1571","page","type-page","status-publish","hentry"],"_links":{"self":[{"href":"https:\/\/www.verdeil.ch\/rovereaz\/wp-json\/wp\/v2\/pages\/1571","targetHints":{"allow":["GET"]}}],"collection":[{"href":"https:\/\/www.verdeil.ch\/rovereaz\/wp-json\/wp\/v2\/pages"}],"about":[{"href":"https:\/\/www.verdeil.ch\/rovereaz\/wp-json\/wp\/v2\/types\/page"}],"author":[{"embeddable":true,"href":"https:\/\/www.verdeil.ch\/rovereaz\/wp-json\/wp\/v2\/users\/11"}],"replies":[{"embeddable":true,"href":"https:\/\/www.verdeil.ch\/rovereaz\/wp-json\/wp\/v2\/comments?post=1571"}],"version-history":[{"count":15,"href":"https:\/\/www.verdeil.ch\/rovereaz\/wp-json\/wp\/v2\/pages\/1571\/revisions"}],"predecessor-version":[{"id":1941,"href":"https:\/\/www.verdeil.ch\/rovereaz\/wp-json\/wp\/v2\/pages\/1571\/revisions\/1941"}],"wp:attachment":[{"href":"https:\/\/www.verdeil.ch\/rovereaz\/wp-json\/wp\/v2\/media?parent=1571"}],"curies":[{"name":"wp","href":"https:\/\/api.w.org\/{rel}","templated":true}]}}